{"id":112,"date":"2021-08-27T12:20:35","date_gmt":"2021-08-27T09:20:35","guid":{"rendered":"https:\/\/islamiilimler297764845.wordpress.com\/?page_id=112"},"modified":"2025-12-30T19:22:39","modified_gmt":"2025-12-30T16:22:39","slug":"duyurular","status":"publish","type":"page","link":"https:\/\/islamiilimler.org.tr\/?page_id=112","title":{"rendered":"Duyurular"},"content":{"rendered":"<div data-colibri-id=\"112-c1\" class=\"style-742 style-local-112-c1 position-relative\">\r\n  <!---->\r\n  <div data-colibri-component=\"section\" data-colibri-id=\"112-c2\" id=\"initial-content\" class=\"h-section h-section-global-spacing d-flex align-items-lg-center align-items-md-center align-items-center style-743 style-local-112-c2 position-relative\">\r\n    <!---->\r\n    <!---->\r\n    <div class=\"h-section-grid-container h-section-boxed-container\">\r\n      <!---->\r\n      <div data-colibri-id=\"112-c3\" class=\"h-row-container gutters-row-lg-2 gutters-row-md-2 gutters-row-0 gutters-row-v-lg-2 gutters-row-v-md-2 gutters-row-v-2 style-744 style-local-112-c3 position-relative\">\r\n        <!---->\r\n        <div class=\"h-row justify-content-lg-center justify-content-md-center justify-content-center align-items-lg-stretch align-items-md-stretch align-items-stretch gutters-col-lg-2 gutters-col-md-2 gutters-col-0 gutters-col-v-lg-2 gutters-col-v-md-2 gutters-col-v-2\">\r\n          <!---->\r\n          <div class=\"h-column h-column-container d-flex h-col-lg-auto h-col-md-auto h-col-auto style-745-outer style-local-112-c4-outer\">\r\n            <div data-colibri-id=\"112-c4\" class=\"d-flex h-flex-basis h-column__inner h-px-lg-2 h-px-md-2 h-px-2 v-inner-lg-2 v-inner-md-2 v-inner-2 style-745 style-local-112-c4 position-relative\">\r\n              <!---->\r\n              <!---->\r\n              <div class=\"w-100 h-y-container h-column__content h-column__v-align flex-basis-100 align-self-lg-start align-self-md-start align-self-start\">\r\n                <!---->\r\n                <div data-colibri-id=\"112-c5\" class=\"style-746 style-local-112-c5 position-relative h-element\">\r\n                  <!---->\r\n                  <div>\r\n                    \t\t\t\t<div\n\t\t\tclass=\"wp-block-newspack-blocks-homepage-articles alignwide is-style-borders wpnbha show-image image-alignleft ts-3 is-1 is-landscape mobile-stack is-style-borders has-text-color has-foreground-color has-more-button\"\n\t\t\tstyle=\"\"\n\t\t\t>\n\t\t\t<div data-posts data-current-post-id=\"112\">\n\t\t\t\t\t\t\t\t\n\t<article data-post-id=\"2599\"\n\t\tclass=\"category-duyurular category-yayinlar type-post\"\n\t\t\t\t>\n\t\t\n\t\t<div class=\"entry-wrapper\">\n\t\t\t<h2 class=\"entry-title\"><a href=\"https:\/\/islamiilimler.org.tr\/?p=2599\" rel=\"bookmark\">Yazar Amir Dastmardi taraf\u0131ndan kaleme al\u0131nan ve edit\u00f6rl\u00fc\u011f\u00fcn\u00fc Dr. Recep Bahad\u0131r Haydaro\u011flu\u2019nun yapt\u0131\u011f\u0131 \u201cKullan\u0131c\u0131 Deneyimi Tasar\u0131m\u0131n\u0131n Teorik Temelleri\u201d isimli yeni eser, Giresun \u0130slami \u0130limler Vakf\u0131 Yay\u0131nlar\u0131 taraf\u0131ndan yay\u0131mland\u0131.<\/a><\/h2>\t\t\t\t\t\t<p>https:\/\/islamiilimler.org.tr\/wp-content\/uploads\/2025\/12\/Amir-Dastmaridi-Tasarim-kitap-kapak-isbn.pdf<\/p>\n\t\t\t\t<a class=\"more-link\" href=\"https:\/\/islamiilimler.org.tr\/?p=2599\" rel=\"bookmark\">\n\t\t\t\t\tDevam\u0131n\u0131 oku\t\t\t\t<\/a>\n\t\t\t\t\t\t\t\t<div class=\"entry-meta\">\n\t\t\t\t\t<time class=\"entry-date published\" datetime=\"2025-12-31T19:47:53+03:00\">31 Aral\u0131k 2025<\/time><time class=\"updated\" datetime=\"2025-12-31T19:51:58+03:00\">31 Aral\u0131k 2025<\/time>\t\t\t\t<\/div><!-- .entry-meta -->\n\t\t\t\t\t<\/div><!-- .entry-wrapper -->\n\t<\/article>\n\n\t\t\n\t<article data-post-id=\"2531\"\n\t\tclass=\"category-duyurular type-post\"\n\t\t\t\t>\n\t\t\n\t\t<div class=\"entry-wrapper\">\n\t\t\t<h2 class=\"entry-title\"><a href=\"https:\/\/islamiilimler.org.tr\/?p=2531\" rel=\"bookmark\">Kamuoyuna Duyuru<\/a><\/h2>\t\t\t\t\t\t\t\t\t\t<a class=\"more-link\" href=\"https:\/\/islamiilimler.org.tr\/?p=2531\" rel=\"bookmark\">\n\t\t\t\t\tDevam\u0131n\u0131 oku\t\t\t\t<\/a>\n\t\t\t\t\t\t\t\t<div class=\"entry-meta\">\n\t\t\t\t\t<time class=\"entry-date published\" datetime=\"2025-04-22T23:07:40+03:00\">22 Nisan 2025<\/time><time class=\"updated\" datetime=\"2025-04-22T23:08:13+03:00\">22 Nisan 2025<\/time>\t\t\t\t<\/div><!-- .entry-meta -->\n\t\t\t\t\t<\/div><!-- .entry-wrapper -->\n\t<\/article>\n\n\t\t\n\t<article data-post-id=\"2522\"\n\t\tclass=\"category-duyurular type-post\"\n\t\t\t\t>\n\t\t\n\t\t<div class=\"entry-wrapper\">\n\t\t\t<h2 class=\"entry-title\"><a href=\"https:\/\/islamiilimler.org.tr\/?p=2522\" rel=\"bookmark\">M\u00fctevelli Toplant\u0131 Duyurusu<\/a><\/h2>\t\t\t\t\t\t<p>Vakf\u0131m\u0131z 2025 \u015eubat ay\u0131 ola\u011fan m\u00fctevelli toplant\u0131s\u0131 19 \u015eubat 2025 tarihinde saat 19:00\u2019da vak\u0131f merkezimizde yap\u0131lacakt\u0131r. \u00dcyelerimizin toplant\u0131ya kat\u0131lmalar\u0131 \u00f6nemle rica olunur.<\/p>\n\t\t\t\t<a class=\"more-link\" href=\"https:\/\/islamiilimler.org.tr\/?p=2522\" rel=\"bookmark\">\n\t\t\t\t\tDevam\u0131n\u0131 oku\t\t\t\t<\/a>\n\t\t\t\t\t\t\t\t<div class=\"entry-meta\">\n\t\t\t\t\t<time class=\"entry-date published\" datetime=\"2025-02-07T10:30:26+03:00\">7 \u015eubat 2025<\/time><time class=\"updated\" datetime=\"2025-02-07T11:17:08+03:00\">7 \u015eubat 2025<\/time>\t\t\t\t<\/div><!-- .entry-meta -->\n\t\t\t\t\t<\/div><!-- .entry-wrapper -->\n\t<\/article>\n\n\t\t\n\t<article data-post-id=\"2485\"\n\t\tclass=\"category-duyurular type-post\"\n\t\t\t\t>\n\t\t\n\t\t<div class=\"entry-wrapper\">\n\t\t\t<h2 class=\"entry-title\"><a href=\"https:\/\/islamiilimler.org.tr\/?p=2485\" rel=\"bookmark\">2024-2025 E\u011fitim \u00d6\u011fretim Y\u0131l\u0131 Burs Almaya Hak Kazananlar Listesi<\/a><\/h2>\t\t\t\t\t\t<p>Burs almaya hak kazanan \u00f6\u011frencilerin 1 Kas\u0131m 2024 Cuma g\u00fcn\u00fc mesai bitimine kadar \u0130ban Bilgilerini a\u015fa\u011f\u0131daki linkten doldurmalar\u0131 gerekmektedir. Aksi halde \u00f6\u011frenci hakk\u0131ndan feragat etmi\u015f say\u0131lacakt\u0131r.<\/p>\n\t\t\t\t<a class=\"more-link\" href=\"https:\/\/islamiilimler.org.tr\/?p=2485\" rel=\"bookmark\">\n\t\t\t\t\tDevam\u0131n\u0131 oku\t\t\t\t<\/a>\n\t\t\t\t\t\t\t\t<div class=\"entry-meta\">\n\t\t\t\t\t<time class=\"entry-date published\" datetime=\"2024-10-25T14:44:29+03:00\">25 Ekim 2024<\/time><time class=\"updated\" datetime=\"2024-10-25T15:32:10+03:00\">25 Ekim 2024<\/time>\t\t\t\t<\/div><!-- .entry-meta -->\n\t\t\t\t\t<\/div><!-- .entry-wrapper -->\n\t<\/article>\n\n\t\t\n\t<article data-post-id=\"2427\"\n\t\tclass=\"category-duyurular type-post post-has-image\"\n\t\t\t\t>\n\t\t\t\t\t<figure class=\"post-thumbnail\">\n\t\t\t\t\t\t\t\t<a href=\"https:\/\/islamiilimler.org.tr\/?p=2427\" rel=\"bookmark\">\n\t\t\t\t\t\t\t\t\t<img loading=\"lazy\" decoding=\"async\" width=\"800\" height=\"600\" src=\"https:\/\/islamiilimler.org.tr\/wp-content\/uploads\/2024\/10\/Duyuru-5-800x600.jpg\" class=\"attachment-newspack-article-block-landscape-medium size-newspack-article-block-landscape-medium wp-post-image\" alt=\"\" srcset=\"https:\/\/islamiilimler.org.tr\/wp-content\/uploads\/2024\/10\/Duyuru-5-800x600.jpg 800w, https:\/\/islamiilimler.org.tr\/wp-content\/uploads\/2024\/10\/Duyuru-5-400x300.jpg 400w, https:\/\/islamiilimler.org.tr\/wp-content\/uploads\/2024\/10\/Duyuru-5-200x150.jpg 200w\" sizes=\"auto, (max-width: 800px) 100vw, 800px\" \/>\t\t\t\t\t\t\t\t<\/a>\n\t\t\t\t\n\t\t\t\t\t\t\t<\/figure><!-- .featured-image -->\n\t\t\n\t\t<div class=\"entry-wrapper\">\n\t\t\t<h2 class=\"entry-title\"><a href=\"https:\/\/islamiilimler.org.tr\/?p=2427\" rel=\"bookmark\">2024-2025 Burs Ba\u015fvuru Duyurusu<\/a><\/h2>\t\t\t\t\t\t<p>Ba\u015fvuru yapabilmek i\u00e7in Burs sekmesinden 2024-2025 Burs Ba\u015fvurusu sayfas\u0131na eri\u015fim sa\u011flay\u0131n\u0131z.<\/p>\n\t\t\t\t<a class=\"more-link\" href=\"https:\/\/islamiilimler.org.tr\/?p=2427\" rel=\"bookmark\">\n\t\t\t\t\tDevam\u0131n\u0131 oku\t\t\t\t<\/a>\n\t\t\t\t\t\t\t\t<div class=\"entry-meta\">\n\t\t\t\t\t<time class=\"entry-date published\" datetime=\"2024-10-02T22:35:59+03:00\">2 Ekim 2024<\/time><time class=\"updated\" datetime=\"2024-10-03T00:10:23+03:00\">3 Ekim 2024<\/time>\t\t\t\t<\/div><!-- .entry-meta -->\n\t\t\t\t\t<\/div><!-- .entry-wrapper -->\n\t<\/article>\n\n\t\t\n\t<article data-post-id=\"2332\"\n\t\tclass=\"category-duyurular type-post post-has-image\"\n\t\t\t\t>\n\t\t\t\t\t<figure class=\"post-thumbnail\">\n\t\t\t\t\t\t\t\t<a href=\"https:\/\/islamiilimler.org.tr\/?p=2332\" rel=\"bookmark\">\n\t\t\t\t\t\t\t\t\t<img loading=\"lazy\" decoding=\"async\" width=\"1200\" height=\"900\" src=\"https:\/\/islamiilimler.org.tr\/wp-content\/uploads\/2024\/02\/WhatsApp-Image-2024-02-28-at-19.22.58-1200x900.jpeg\" class=\"attachment-newspack-article-block-landscape-large size-newspack-article-block-landscape-large wp-post-image\" alt=\"\" srcset=\"https:\/\/islamiilimler.org.tr\/wp-content\/uploads\/2024\/02\/WhatsApp-Image-2024-02-28-at-19.22.58-1200x900.jpeg 1200w, https:\/\/islamiilimler.org.tr\/wp-content\/uploads\/2024\/02\/WhatsApp-Image-2024-02-28-at-19.22.58-800x600.jpeg 800w, https:\/\/islamiilimler.org.tr\/wp-content\/uploads\/2024\/02\/WhatsApp-Image-2024-02-28-at-19.22.58-400x300.jpeg 400w, https:\/\/islamiilimler.org.tr\/wp-content\/uploads\/2024\/02\/WhatsApp-Image-2024-02-28-at-19.22.58-200x150.jpeg 200w\" sizes=\"auto, (max-width: 1200px) 100vw, 1200px\" \/>\t\t\t\t\t\t\t\t<\/a>\n\t\t\t\t\n\t\t\t\t\t\t\t<\/figure><!-- .featured-image -->\n\t\t\n\t\t<div class=\"entry-wrapper\">\n\t\t\t<h2 class=\"entry-title\"><a href=\"https:\/\/islamiilimler.org.tr\/?p=2332\" rel=\"bookmark\">Vakf\u0131m\u0131zda Bayrak De\u011fi\u015fimi ve M\u00fctevelli Heyeti Toplant\u0131s\u0131<\/a><\/h2>\t\t\t\t\t\t<p>Vakf\u0131m\u0131z 2024 Y\u0131l\u0131 Ola\u011fan M\u00fctevelli Heyet Toplant\u0131s\u0131 ger\u00e7ekle\u015fti. Giresun Uygulama Otelinde yap\u0131lan toplant\u0131da ge\u00e7mi\u015f y\u0131l\u0131n de\u011ferlendirilmesi, vakf\u0131n ileriye d\u00f6n\u00fck hedefleri ve yeni y\u00f6netim kurulunun se\u00e7ilmesi gibi konular g\u00f6r\u00fc\u015f\u00fcld\u00fc. Y\u00f6netim kuruluna\u2026<\/p>\n\t\t\t\t<a class=\"more-link\" href=\"https:\/\/islamiilimler.org.tr\/?p=2332\" rel=\"bookmark\">\n\t\t\t\t\tDevam\u0131n\u0131 oku\t\t\t\t<\/a>\n\t\t\t\t\t\t\t\t<div class=\"entry-meta\">\n\t\t\t\t\t<time class=\"entry-date published\" datetime=\"2024-02-28T19:35:01+03:00\">28 \u015eubat 2024<\/time><time class=\"updated\" datetime=\"2024-02-28T19:35:02+03:00\">28 \u015eubat 2024<\/time>\t\t\t\t<\/div><!-- .entry-meta -->\n\t\t\t\t\t<\/div><!-- .entry-wrapper -->\n\t<\/article>\n\n\t\t\n\t<article data-post-id=\"2284\"\n\t\tclass=\"category-duyurular type-post post-has-image\"\n\t\t\t\t>\n\t\t\t\t\t<figure class=\"post-thumbnail\">\n\t\t\t\t\t\t\t\t<a href=\"https:\/\/islamiilimler.org.tr\/?p=2284\" rel=\"bookmark\">\n\t\t\t\t\t\t\t\t\t<img loading=\"lazy\" decoding=\"async\" width=\"1200\" height=\"900\" src=\"https:\/\/islamiilimler.org.tr\/wp-content\/uploads\/2023\/11\/BURS-SONUCLARI-ACIKLANDI-1200x900.png\" class=\"attachment-newspack-article-block-landscape-large size-newspack-article-block-landscape-large wp-post-image\" alt=\"\" srcset=\"https:\/\/islamiilimler.org.tr\/wp-content\/uploads\/2023\/11\/BURS-SONUCLARI-ACIKLANDI-1200x900.png 1200w, https:\/\/islamiilimler.org.tr\/wp-content\/uploads\/2023\/11\/BURS-SONUCLARI-ACIKLANDI-800x600.png 800w, https:\/\/islamiilimler.org.tr\/wp-content\/uploads\/2023\/11\/BURS-SONUCLARI-ACIKLANDI-400x300.png 400w, https:\/\/islamiilimler.org.tr\/wp-content\/uploads\/2023\/11\/BURS-SONUCLARI-ACIKLANDI-200x150.png 200w\" sizes=\"auto, (max-width: 1200px) 100vw, 1200px\" \/>\t\t\t\t\t\t\t\t<\/a>\n\t\t\t\t\n\t\t\t\t\t\t\t<\/figure><!-- .featured-image -->\n\t\t\n\t\t<div class=\"entry-wrapper\">\n\t\t\t<h2 class=\"entry-title\"><a href=\"https:\/\/islamiilimler.org.tr\/?p=2284\" rel=\"bookmark\">2023 Burs Sonu\u00e7lar\u0131 A\u00e7\u0131kland\u0131.<\/a><\/h2>\t\t\t\t\t\t<p>Sonu\u00e7lara ula\u015fmak i\u00e7in Burs sekmesinden 2023 Burs Sonu\u00e7lar\u0131 sayfas\u0131na eri\u015fim sa\u011flay\u0131n\u0131z.<\/p>\n\t\t\t\t<a class=\"more-link\" href=\"https:\/\/islamiilimler.org.tr\/?p=2284\" rel=\"bookmark\">\n\t\t\t\t\tDevam\u0131n\u0131 oku\t\t\t\t<\/a>\n\t\t\t\t\t\t\t\t<div class=\"entry-meta\">\n\t\t\t\t\t<time class=\"entry-date published\" datetime=\"2023-11-09T15:12:38+03:00\">9 Kas\u0131m 2023<\/time><time class=\"updated\" datetime=\"2023-11-09T15:12:39+03:00\">9 Kas\u0131m 2023<\/time>\t\t\t\t<\/div><!-- .entry-meta -->\n\t\t\t\t\t<\/div><!-- .entry-wrapper -->\n\t<\/article>\n\n\t\t\n\t<article data-post-id=\"2262\"\n\t\tclass=\"category-duyurular type-post post-has-image\"\n\t\t\t\t>\n\t\t\t\t\t<figure class=\"post-thumbnail\">\n\t\t\t\t\t\t\t\t<a href=\"https:\/\/islamiilimler.org.tr\/?p=2262\" rel=\"bookmark\">\n\t\t\t\t\t\t\t\t\t<img loading=\"lazy\" decoding=\"async\" width=\"1200\" height=\"900\" src=\"https:\/\/islamiilimler.org.tr\/wp-content\/uploads\/2023\/10\/Mutevelli-1200x900.png\" class=\"attachment-newspack-article-block-landscape-large size-newspack-article-block-landscape-large wp-post-image\" alt=\"\" srcset=\"https:\/\/islamiilimler.org.tr\/wp-content\/uploads\/2023\/10\/Mutevelli-1200x900.png 1200w, https:\/\/islamiilimler.org.tr\/wp-content\/uploads\/2023\/10\/Mutevelli-800x600.png 800w, https:\/\/islamiilimler.org.tr\/wp-content\/uploads\/2023\/10\/Mutevelli-400x300.png 400w, https:\/\/islamiilimler.org.tr\/wp-content\/uploads\/2023\/10\/Mutevelli-200x150.png 200w\" sizes=\"auto, (max-width: 1200px) 100vw, 1200px\" \/>\t\t\t\t\t\t\t\t<\/a>\n\t\t\t\t\n\t\t\t\t\t\t\t<\/figure><!-- .featured-image -->\n\t\t\n\t\t<div class=\"entry-wrapper\">\n\t\t\t<h2 class=\"entry-title\"><a href=\"https:\/\/islamiilimler.org.tr\/?p=2262\" rel=\"bookmark\">Ola\u011fan M\u00fctevelli Heyeti Toplant\u0131s\u0131<\/a><\/h2>\t\t\t\t\t\t<p>18 Kas\u0131m 2023 Tarihinde Giresun Uygulama Otelinde Ger\u00e7ekle\u015ftirilecek Olan Toplant\u0131m\u0131za T\u00fcm \u00dcyelerimiz Davetlidir. Te\u015frifiniz Bizleri Onurland\u0131racakt\u0131r.<\/p>\n\t\t\t\t<a class=\"more-link\" href=\"https:\/\/islamiilimler.org.tr\/?p=2262\" rel=\"bookmark\">\n\t\t\t\t\tDevam\u0131n\u0131 oku\t\t\t\t<\/a>\n\t\t\t\t\t\t\t\t<div class=\"entry-meta\">\n\t\t\t\t\t<time class=\"entry-date published\" datetime=\"2023-10-30T14:11:15+03:00\">30 Ekim 2023<\/time><time class=\"updated\" datetime=\"2023-10-30T14:12:33+03:00\">30 Ekim 2023<\/time>\t\t\t\t<\/div><!-- .entry-meta -->\n\t\t\t\t\t<\/div><!-- .entry-wrapper -->\n\t<\/article>\n\n\t\t\n\t<article data-post-id=\"2203\"\n\t\tclass=\"category-duyurular type-post post-has-image\"\n\t\t\t\t>\n\t\t\t\t\t<figure class=\"post-thumbnail\">\n\t\t\t\t\t\t\t\t<a href=\"https:\/\/islamiilimler.org.tr\/?p=2203\" rel=\"bookmark\">\n\t\t\t\t\t\t\t\t\t<img loading=\"lazy\" decoding=\"async\" width=\"800\" height=\"600\" src=\"https:\/\/islamiilimler.org.tr\/wp-content\/uploads\/2023\/09\/Mevlid-Kandilimiz-Mubarek-Olsun-800x600.png\" class=\"attachment-newspack-article-block-landscape-medium size-newspack-article-block-landscape-medium wp-post-image\" alt=\"\" srcset=\"https:\/\/islamiilimler.org.tr\/wp-content\/uploads\/2023\/09\/Mevlid-Kandilimiz-Mubarek-Olsun-800x600.png 800w, https:\/\/islamiilimler.org.tr\/wp-content\/uploads\/2023\/09\/Mevlid-Kandilimiz-Mubarek-Olsun-400x300.png 400w, https:\/\/islamiilimler.org.tr\/wp-content\/uploads\/2023\/09\/Mevlid-Kandilimiz-Mubarek-Olsun-200x150.png 200w\" sizes=\"auto, (max-width: 800px) 100vw, 800px\" \/>\t\t\t\t\t\t\t\t<\/a>\n\t\t\t\t\n\t\t\t\t\t\t\t<\/figure><!-- .featured-image -->\n\t\t\n\t\t<div class=\"entry-wrapper\">\n\t\t\t<h2 class=\"entry-title\"><a href=\"https:\/\/islamiilimler.org.tr\/?p=2203\" rel=\"bookmark\">Mevlid Kandilimiz M\u00fcbarek Olsun<\/a><\/h2>\t\t\t\t\t\t\t\t\t\t<a class=\"more-link\" href=\"https:\/\/islamiilimler.org.tr\/?p=2203\" rel=\"bookmark\">\n\t\t\t\t\tDevam\u0131n\u0131 oku\t\t\t\t<\/a>\n\t\t\t\t\t\t\t\t<div class=\"entry-meta\">\n\t\t\t\t\t<time class=\"entry-date published\" datetime=\"2023-09-26T17:08:19+03:00\">26 Eyl\u00fcl 2023<\/time><time class=\"updated\" datetime=\"2023-09-26T17:08:20+03:00\">26 Eyl\u00fcl 2023<\/time>\t\t\t\t<\/div><!-- .entry-meta -->\n\t\t\t\t\t<\/div><!-- .entry-wrapper -->\n\t<\/article>\n\n\t\t\n\t<article data-post-id=\"1887\"\n\t\tclass=\"category-duyurular type-post post-has-image\"\n\t\t\t\t>\n\t\t\t\t\t<figure class=\"post-thumbnail\">\n\t\t\t\t\t\t\t\t<a href=\"https:\/\/islamiilimler.org.tr\/?p=1887\" rel=\"bookmark\">\n\t\t\t\t\t\t\t\t\t<img loading=\"lazy\" decoding=\"async\" width=\"1200\" height=\"900\" src=\"https:\/\/islamiilimler.org.tr\/wp-content\/uploads\/2022\/11\/GIVAY-e1668711294879-1200x900.png\" class=\"attachment-newspack-article-block-landscape-large size-newspack-article-block-landscape-large wp-post-image\" alt=\"\" srcset=\"https:\/\/islamiilimler.org.tr\/wp-content\/uploads\/2022\/11\/GIVAY-e1668711294879-1200x900.png 1200w, https:\/\/islamiilimler.org.tr\/wp-content\/uploads\/2022\/11\/GIVAY-e1668711294879-800x600.png 800w, https:\/\/islamiilimler.org.tr\/wp-content\/uploads\/2022\/11\/GIVAY-e1668711294879-400x300.png 400w, https:\/\/islamiilimler.org.tr\/wp-content\/uploads\/2022\/11\/GIVAY-e1668711294879-200x150.png 200w\" sizes=\"auto, (max-width: 1200px) 100vw, 1200px\" \/>\t\t\t\t\t\t\t\t<\/a>\n\t\t\t\t\n\t\t\t\t\t\t\t<\/figure><!-- .featured-image -->\n\t\t\n\t\t<div class=\"entry-wrapper\">\n\t\t\t<h2 class=\"entry-title\"><a href=\"https:\/\/islamiilimler.org.tr\/?p=1887\" rel=\"bookmark\">G\u0130VAY Yay\u0131n Hayat\u0131na Ba\u015flad\u0131!<\/a><\/h2>\t\t\t\t\t\t<p>Giresun \u0130slami ilimler Vakf\u0131 Yay\u0131nevi k\u0131sa ad\u0131yla G\u0130VAY, 2022 y\u0131l\u0131n\u0131n Ekim ay\u0131nda kurulmu\u015ftur. Ba\u015fta akademik yay\u0131nlar olmak \u00fczere farkl\u0131 alanlarda ve \u00f6nde gelen d\u00fcnya dillerinde yay\u0131m yapmay\u0131 hedeflemektedir.<\/p>\n\t\t\t\t<a class=\"more-link\" href=\"https:\/\/islamiilimler.org.tr\/?p=1887\" rel=\"bookmark\">\n\t\t\t\t\tDevam\u0131n\u0131 oku\t\t\t\t<\/a>\n\t\t\t\t\t\t\t\t<div class=\"entry-meta\">\n\t\t\t\t\t<time class=\"entry-date published\" datetime=\"2022-11-17T21:53:32+03:00\">17 Kas\u0131m 2022<\/time><time class=\"updated\" datetime=\"2022-11-17T21:55:12+03:00\">17 Kas\u0131m 2022<\/time>\t\t\t\t<\/div><!-- .entry-meta -->\n\t\t\t\t\t<\/div><!-- .entry-wrapper -->\n\t<\/article>\n\n\t\t\n\t<article data-post-id=\"1855\"\n\t\tclass=\"category-duyurular type-post post-has-image\"\n\t\t\t\t>\n\t\t\t\t\t<figure class=\"post-thumbnail\">\n\t\t\t\t\t\t\t\t<a href=\"https:\/\/islamiilimler.org.tr\/?p=1855\" rel=\"bookmark\">\n\t\t\t\t\t\t\t\t\t<img loading=\"lazy\" decoding=\"async\" width=\"1200\" height=\"900\" src=\"https:\/\/islamiilimler.org.tr\/wp-content\/uploads\/2022\/11\/Bilboard-A3-Belge-1200x900.png\" class=\"attachment-newspack-article-block-landscape-large size-newspack-article-block-landscape-large wp-post-image\" alt=\"\" srcset=\"https:\/\/islamiilimler.org.tr\/wp-content\/uploads\/2022\/11\/Bilboard-A3-Belge-1200x900.png 1200w, https:\/\/islamiilimler.org.tr\/wp-content\/uploads\/2022\/11\/Bilboard-A3-Belge-800x600.png 800w, https:\/\/islamiilimler.org.tr\/wp-content\/uploads\/2022\/11\/Bilboard-A3-Belge-400x300.png 400w, https:\/\/islamiilimler.org.tr\/wp-content\/uploads\/2022\/11\/Bilboard-A3-Belge-200x150.png 200w\" sizes=\"auto, (max-width: 1200px) 100vw, 1200px\" \/>\t\t\t\t\t\t\t\t<\/a>\n\t\t\t\t\n\t\t\t\t\t\t\t<\/figure><!-- .featured-image -->\n\t\t\n\t\t<div class=\"entry-wrapper\">\n\t\t\t<h2 class=\"entry-title\"><a href=\"https:\/\/islamiilimler.org.tr\/?p=1855\" rel=\"bookmark\">Uluslararas\u0131 \u0130nsan, Din ve Erdemlilik Sempozyumu<\/a><\/h2>\t\t\t\t\t\t<p>Payda\u015f\u0131 oldu\u011fumuz sempozyumumu ger\u00e7ekle\u015ftirildi. Eme\u011fi ge\u00e7er t\u00fcm ki\u015fi ve kurumlara te\u015fekk\u00fcr eder. Sempozyumumuzun hay\u0131rlara vesile olmas\u0131 dileriz.<\/p>\n\t\t\t\t<a class=\"more-link\" href=\"https:\/\/islamiilimler.org.tr\/?p=1855\" rel=\"bookmark\">\n\t\t\t\t\tDevam\u0131n\u0131 oku\t\t\t\t<\/a>\n\t\t\t\t\t\t\t\t<div class=\"entry-meta\">\n\t\t\t\t\t<time class=\"entry-date published\" datetime=\"2022-11-08T21:44:53+03:00\">8 Kas\u0131m 2022<\/time><time class=\"updated\" datetime=\"2022-11-08T21:44:54+03:00\">8 Kas\u0131m 2022<\/time>\t\t\t\t<\/div><!-- .entry-meta -->\n\t\t\t\t\t<\/div><!-- .entry-wrapper -->\n\t<\/article>\n\n\t\t\t\t\t<\/div>\n\t\t\t\t\t\t\t<button type=\"button\" data-next=\"https:\/\/islamiilimler.org.tr\/index.php?rest_route=%2Fnewspack-blocks%2Fv1%2Farticles&#038;className=is-style-borders&#038;excerptLength=30&#038;showReadMore=1&#038;readMoreLabel=Devam\u0131n\u0131%20oku&#038;moreButton=1&#038;showAuthor=0&#038;showAvatar=0&#038;postsToShow=11&#038;mediaPosition=left&#038;categories%5B0%5D=3&#038;&#038;typeScale=3&#038;imageScale=1&#038;mobileStack=1&#038;textColor=foreground&#038;postType%5B0%5D=post&#038;align=wide&#038;showExcerpt=1&#038;showDate=1&#038;showImage=1&#038;showCaption=0&#038;imageShape=landscape&#038;minHeight=0&#038;moreButtonText&#038;showCategory=0&#038;postLayout=list&#038;columns=3&#038;&#038;&#038;&#038;&#038;sectionHeader&#038;specificMode=0&#038;customTextColor&#038;singleMode=0&#038;showSubtitle=0&#038;page=2\">\n\t\t\t\tDaha fazla g\u00f6nderi y\u00fckle\t\t\t\t<\/button>\n\t\t\t\t<p class=\"loading\">\n\t\t\t\t\tY\u00fckleniyor&#8230;\t\t\t\t<\/p>\n\t\t\t\t<p class=\"error\">\n\t\t\t\t\tBir yanl\u0131\u015fl\u0131k oldu. L\u00fctfen sayfay\u0131 yenileyin ve\/veya tekrar deneyin.\t\t\t\t<\/p>\n\n\t\t\t\n\t\t<\/div>\n\t\t\t\t\r\n                  <\/div>\r\n                <\/div>\r\n              <\/div>\r\n            <\/div>\r\n          <\/div>\r\n        <\/div>\r\n      <\/div>\r\n    <\/div>\r\n  <\/div>\r\n<\/div>","protected":false},"excerpt":{"rendered":"","protected":false},"author":1,"featured_media":0,"parent":0,"menu_order":0,"comment_status":"closed","ping_status":"closed","template":"page-templates\/full-width-page.php","meta":{"_starter_page_template":"blank","footnotes":""},"class_list":["post-112","page","type-page","status-publish","hentry"],"yoast_head":"<!-- This site is optimized with the Yoast SEO plugin v27.4 - https:\/\/yoast.com\/product\/yoast-seo-wordpress\/ -->\n<title>Duyurular - Giresun \u0130slami \u0130limler Vakf\u0131<\/title>\n<meta name=\"robots\" content=\"index, follow, max-snippet:-1, max-image-preview:large, max-video-preview:-1\" \/>\n<link rel=\"canonical\" href=\"https:\/\/islamiilimler.org.tr\/?page_id=112\" \/>\n<meta property=\"og:locale\" content=\"tr_TR\" \/>\n<meta property=\"og:type\" content=\"article\" \/>\n<meta property=\"og:title\" content=\"Duyurular - Giresun \u0130slami \u0130limler Vakf\u0131\" \/>\n<meta property=\"og:url\" content=\"https:\/\/islamiilimler.org.tr\/?page_id=112\" \/>\n<meta property=\"og:site_name\" content=\"Giresun \u0130slami \u0130limler Vakf\u0131\" \/>\n<meta property=\"article:modified_time\" content=\"2025-12-30T16:22:39+00:00\" \/>\n<meta name=\"twitter:card\" content=\"summary_large_image\" \/>\n<script type=\"application\/ld+json\" class=\"yoast-schema-graph\">{\"@context\":\"https:\\\/\\\/schema.org\",\"@graph\":[{\"@type\":\"WebPage\",\"@id\":\"https:\\\/\\\/islamiilimler.org.tr\\\/?page_id=112\",\"url\":\"https:\\\/\\\/islamiilimler.org.tr\\\/?page_id=112\",\"name\":\"Duyurular - Giresun \u0130slami \u0130limler Vakf\u0131\",\"isPartOf\":{\"@id\":\"https:\\\/\\\/islamiilimler.org.tr\\\/#website\"},\"datePublished\":\"2021-08-27T09:20:35+00:00\",\"dateModified\":\"2025-12-30T16:22:39+00:00\",\"breadcrumb\":{\"@id\":\"https:\\\/\\\/islamiilimler.org.tr\\\/?page_id=112#breadcrumb\"},\"inLanguage\":\"tr\",\"potentialAction\":[{\"@type\":\"ReadAction\",\"target\":[\"https:\\\/\\\/islamiilimler.org.tr\\\/?page_id=112\"]}]},{\"@type\":\"BreadcrumbList\",\"@id\":\"https:\\\/\\\/islamiilimler.org.tr\\\/?page_id=112#breadcrumb\",\"itemListElement\":[{\"@type\":\"ListItem\",\"position\":1,\"name\":\"Anasayfa\",\"item\":\"https:\\\/\\\/islamiilimler.org.tr\\\/\"},{\"@type\":\"ListItem\",\"position\":2,\"name\":\"Duyurular\"}]},{\"@type\":\"WebSite\",\"@id\":\"https:\\\/\\\/islamiilimler.org.tr\\\/#website\",\"url\":\"https:\\\/\\\/islamiilimler.org.tr\\\/\",\"name\":\"Giresun \u0130slami \u0130limler Vakf\u0131\",\"description\":\"Hac\u0131siyam Mahallesi Atat\u00fcrk Bulvar\u0131 Fatih Apartman\u0131 No 65\\\/2 Kat 1 Daire 2 Giresun \\\/ Merkez T\u00fcrkiye GSM 1: 0535 463 6904 GSM 2: 0505 581 3395\",\"publisher\":{\"@id\":\"https:\\\/\\\/islamiilimler.org.tr\\\/#organization\"},\"potentialAction\":[{\"@type\":\"SearchAction\",\"target\":{\"@type\":\"EntryPoint\",\"urlTemplate\":\"https:\\\/\\\/islamiilimler.org.tr\\\/?s={search_term_string}\"},\"query-input\":{\"@type\":\"PropertyValueSpecification\",\"valueRequired\":true,\"valueName\":\"search_term_string\"}}],\"inLanguage\":\"tr\"},{\"@type\":\"Organization\",\"@id\":\"https:\\\/\\\/islamiilimler.org.tr\\\/#organization\",\"name\":\"Giresun \u0130slami \u0130limler Vakf\u0131\",\"url\":\"https:\\\/\\\/islamiilimler.org.tr\\\/\",\"logo\":{\"@type\":\"ImageObject\",\"inLanguage\":\"tr\",\"@id\":\"https:\\\/\\\/islamiilimler.org.tr\\\/#\\\/schema\\\/logo\\\/image\\\/\",\"url\":\"https:\\\/\\\/islamiilimler.org.tr\\\/wp-content\\\/uploads\\\/2022\\\/09\\\/cropped-logo-1.png\",\"contentUrl\":\"https:\\\/\\\/islamiilimler.org.tr\\\/wp-content\\\/uploads\\\/2022\\\/09\\\/cropped-logo-1.png\",\"width\":1500,\"height\":1500,\"caption\":\"Giresun \u0130slami \u0130limler Vakf\u0131\"},\"image\":{\"@id\":\"https:\\\/\\\/islamiilimler.org.tr\\\/#\\\/schema\\\/logo\\\/image\\\/\"}}]}<\/script>\n<!-- \/ Yoast SEO plugin. -->","yoast_head_json":{"title":"Duyurular - Giresun \u0130slami \u0130limler Vakf\u0131","robots":{"index":"index","follow":"follow","max-snippet":"max-snippet:-1","max-image-preview":"max-image-preview:large","max-video-preview":"max-video-preview:-1"},"canonical":"https:\/\/islamiilimler.org.tr\/?page_id=112","og_locale":"tr_TR","og_type":"article","og_title":"Duyurular - Giresun \u0130slami \u0130limler Vakf\u0131","og_url":"https:\/\/islamiilimler.org.tr\/?page_id=112","og_site_name":"Giresun \u0130slami \u0130limler Vakf\u0131","article_modified_time":"2025-12-30T16:22:39+00:00","twitter_card":"summary_large_image","schema":{"@context":"https:\/\/schema.org","@graph":[{"@type":"WebPage","@id":"https:\/\/islamiilimler.org.tr\/?page_id=112","url":"https:\/\/islamiilimler.org.tr\/?page_id=112","name":"Duyurular - Giresun \u0130slami \u0130limler Vakf\u0131","isPartOf":{"@id":"https:\/\/islamiilimler.org.tr\/#website"},"datePublished":"2021-08-27T09:20:35+00:00","dateModified":"2025-12-30T16:22:39+00:00","breadcrumb":{"@id":"https:\/\/islamiilimler.org.tr\/?page_id=112#breadcrumb"},"inLanguage":"tr","potentialAction":[{"@type":"ReadAction","target":["https:\/\/islamiilimler.org.tr\/?page_id=112"]}]},{"@type":"BreadcrumbList","@id":"https:\/\/islamiilimler.org.tr\/?page_id=112#breadcrumb","itemListElement":[{"@type":"ListItem","position":1,"name":"Anasayfa","item":"https:\/\/islamiilimler.org.tr\/"},{"@type":"ListItem","position":2,"name":"Duyurular"}]},{"@type":"WebSite","@id":"https:\/\/islamiilimler.org.tr\/#website","url":"https:\/\/islamiilimler.org.tr\/","name":"Giresun \u0130slami \u0130limler Vakf\u0131","description":"Hac\u0131siyam Mahallesi Atat\u00fcrk Bulvar\u0131 Fatih Apartman\u0131 No 65\/2 Kat 1 Daire 2 Giresun \/ Merkez T\u00fcrkiye GSM 1: 0535 463 6904 GSM 2: 0505 581 3395","publisher":{"@id":"https:\/\/islamiilimler.org.tr\/#organization"},"potentialAction":[{"@type":"SearchAction","target":{"@type":"EntryPoint","urlTemplate":"https:\/\/islamiilimler.org.tr\/?s={search_term_string}"},"query-input":{"@type":"PropertyValueSpecification","valueRequired":true,"valueName":"search_term_string"}}],"inLanguage":"tr"},{"@type":"Organization","@id":"https:\/\/islamiilimler.org.tr\/#organization","name":"Giresun \u0130slami \u0130limler Vakf\u0131","url":"https:\/\/islamiilimler.org.tr\/","logo":{"@type":"ImageObject","inLanguage":"tr","@id":"https:\/\/islamiilimler.org.tr\/#\/schema\/logo\/image\/","url":"https:\/\/islamiilimler.org.tr\/wp-content\/uploads\/2022\/09\/cropped-logo-1.png","contentUrl":"https:\/\/islamiilimler.org.tr\/wp-content\/uploads\/2022\/09\/cropped-logo-1.png","width":1500,"height":1500,"caption":"Giresun \u0130slami \u0130limler Vakf\u0131"},"image":{"@id":"https:\/\/islamiilimler.org.tr\/#\/schema\/logo\/image\/"}}]}},"_links":{"self":[{"href":"https:\/\/islamiilimler.org.tr\/index.php?rest_route=\/wp\/v2\/pages\/112","targetHints":{"allow":["GET"]}}],"collection":[{"href":"https:\/\/islamiilimler.org.tr\/index.php?rest_route=\/wp\/v2\/pages"}],"about":[{"href":"https:\/\/islamiilimler.org.tr\/index.php?rest_route=\/wp\/v2\/types\/page"}],"author":[{"embeddable":true,"href":"https:\/\/islamiilimler.org.tr\/index.php?rest_route=\/wp\/v2\/users\/1"}],"replies":[{"embeddable":true,"href":"https:\/\/islamiilimler.org.tr\/index.php?rest_route=%2Fwp%2Fv2%2Fcomments&post=112"}],"version-history":[{"count":6,"href":"https:\/\/islamiilimler.org.tr\/index.php?rest_route=\/wp\/v2\/pages\/112\/revisions"}],"predecessor-version":[{"id":2589,"href":"https:\/\/islamiilimler.org.tr\/index.php?rest_route=\/wp\/v2\/pages\/112\/revisions\/2589"}],"wp:attachment":[{"href":"https:\/\/islamiilimler.org.tr\/index.php?rest_route=%2Fwp%2Fv2%2Fmedia&parent=112"}],"curies":[{"name":"wp","href":"https:\/\/api.w.org\/{rel}","templated":true}]}}